{"id":10175,"date":"2020-04-01T21:14:59","date_gmt":"2020-04-01T21:14:59","guid":{"rendered":"https:\/\/elderplan.wpengine.com\/?page_id=10175"},"modified":"2023-12-12T19:59:05","modified_gmt":"2023-12-13T00:59:05","slug":"frequently-asked-questions","status":"publish","type":"page","link":"https:\/\/www.elderplan.org\/es\/health-and-wellness\/covid-19\/frequently-asked-questions\/","title":{"rendered":"Preguntas frecuentes: cuidadores de la familia y la COVID-19"},"content":{"rendered":"\n<div class=\"wp-block-columns is-layout-flex wp-container-core-columns-is-layout-9d6595d7 wp-block-columns-is-layout-flex\">\n<div class=\"wp-block-column padding-interior is-layout-flow wp-block-column-is-layout-flow\">\n<h2 class=\"wp-block-heading\">\u00bfQu\u00e9 es la COVID-19?<\/h2>\n\n\n\n<p>El virus que causa la COVID-19 apareci\u00f3 por primera vez a fines de 2019 y ahora se ha propagado en todo el mundo.&nbsp;Recientemente, apareci\u00f3 una nueva cepa del virus, llamada variante Delta, y es al menos un 50% m\u00e1s contagiosa.&nbsp;Actualmente, es la causa de la mayor\u00eda de las infecciones recientes en los Estados&nbsp;Unidos.<\/p>\n\n\n\n<div style=\"height:25px\" aria-hidden=\"true\" class=\"wp-block-spacer\"><\/div>\n\n\n\n<h2 class=\"wp-block-heading\">\u00bfPor qu\u00e9 hay tanta preocupaci\u00f3n respecto a la COVID-19, particularmente con la nueva cepa Delta?<\/h2>\n\n\n\n<p>Algunos adultos y ni\u00f1os que contraen la COVID-19 tienen infecciones graves y requieren hospitalizaci\u00f3n.&nbsp;M\u00e1s de 600,000 estadounidenses murieron a causa de la enfermedad.&nbsp;Actualmente, la poblaci\u00f3n no vacunada es la que contin\u00faa en riesgo de contraer estas infecciones graves.&nbsp;Mientras la variante Delta se propaga r\u00e1pidamente en la poblaci\u00f3n no vacunada, continuaremos teniendo estos resultados tr\u00e1gicos.&nbsp;La mayor\u00eda de las personas vacunadas est\u00e1n protegidas contra la COVID, incluida la variante Delta, o experimentan una enfermedad leve.&nbsp;Vac\u00fanese ahora si todav\u00eda no lo ha hecho. La vacunaci\u00f3n funciona.<\/p>\n\n\n\n<div style=\"height:25px\" aria-hidden=\"true\" class=\"wp-block-spacer\"><\/div>\n\n\n\n<h2 class=\"wp-block-heading\">\u00bfC\u00f3mo se propaga la COVID-19?<\/h2>\n\n\n\n<p>La COVID-19 se puede propagar mediante las personas que est\u00e1n enfermas y tambi\u00e9n mediante las personas que tienen la infecci\u00f3n, pero no lo saben.&nbsp;Toda persona infectada puede propagar la COVID-19, a trav\u00e9s de la tos o los estornudos que se pulverizan y llegan a la cara de otra persona. Una persona tambi\u00e9n puede contraer el virus si toca un objeto contaminado por alguien con la COVID-19 y luego se toca la cara.<\/p>\n\n\n\n<div style=\"height:25px\" aria-hidden=\"true\" class=\"wp-block-spacer\"><\/div>\n\n\n\n<h2 class=\"wp-block-heading\">\u00bfQu\u00e9 estoy intentando hacer como cuidador?<\/h2>\n\n\n\n<p>Como cuidador, usted debe hacer varias cosas. Primero, debe vacunarse para protegerse y proteger a las personas a las que les brinda atenci\u00f3n de contraer el virus. Segundo, aliente a aquellos a los que usted les brinda atenci\u00f3n a vacunarse.&nbsp;Tercero, cuide a su familiar si desarrolla la COVID-19 y aseg\u00farese de que realice la cuarentena para que la posibilidad de infectar a otros sea baja.&nbsp;Cuarto, si cree que puede estar desarrollando la COVID-19 o alguien a quien usted le brinda atenci\u00f3n contrae la COVID-19, real\u00edcese la prueba de inmediato.<\/p>\n\n\n\n<div style=\"height:25px\" aria-hidden=\"true\" class=\"wp-block-spacer\"><\/div>\n\n\n\n<h2 class=\"wp-block-heading\">\u00bfQu\u00e9 debo hacer para reducir las posibilidades de infectarme?<\/h2>\n\n\n\n<p>A pesar de que la situaci\u00f3n ha mejorado, hay algunas recomendaciones importantes:<\/p>\n\n\n\n<ul class=\"wp-block-list\">\n<li>Vac\u00fanese ahora si todav\u00eda no lo ha hecho. Esta es la mejor manera de protegerse contra la enfermedad grave, hospitalizaci\u00f3n y muerte.\n<ul class=\"wp-block-list\">\n<li>Casi todas las hospitalizaciones y muertes causadas por la COVID-19, se producen en individuos no vacunados.<\/li>\n<\/ul>\n<\/li>\n\n\n\n<li>Considere usar una mascarilla si est\u00e1 en un espacio cerrado y cerca de grupos grandes de personas.<\/li>\n\n\n\n<li>A menos que est\u00e9 en un grupo peque\u00f1o de personas vacunadas, intente distanciarse socialmente y permanezca a 6&nbsp;pies de distancia de las dem\u00e1s personas. Adem\u00e1s, no comparta vasos, platos, utensilios ni toallas con ninguna otra persona.<\/li>\n\n\n\n<li>Lavado de manos: l\u00e1vese las manos con frecuencia y, cuando se lave, use jab\u00f3n y frote todas las superficies durante al menos 20&nbsp;segundos.<\/li>\n\n\n\n<li>Uso de desinfectante de manos si no puede lavarse las manos con agua y jab\u00f3n: use un desinfectante que contenga al menos un 60% de alcohol; frote todas las superficies de las manos hasta que est\u00e9n secas.<\/li>\n<\/ul>\n\n\n\n<div style=\"height:25px\" aria-hidden=\"true\" class=\"wp-block-spacer\"><\/div>\n\n\n\n<h2 class=\"wp-block-heading\">\u00bfQu\u00e9 debo hacer para reducir la posibilidad de que mi familiar contraiga la COVID-19?<\/h2>\n\n\n\n<ul class=\"wp-block-list\">\n<li>Antes de permitir que otras personas visiten su casa, debe determinar si se han vacunado o si podr\u00edan estar enfermos.<\/li>\n\n\n\n<li>Preg\u00fanteles a los visitantes si se sienten con fiebre o tienen tos, dolor de garganta o falta de aire. Si la respuesta es afirmativa, deben irse a sus casas y mantenerse alejados de las dem\u00e1s personas.\n<ul class=\"wp-block-list\">\n<li>Los visitantes que no se hayan vacunado deben usar mascarilla cuando est\u00e9n en compa\u00f1\u00eda de otras personas. Esto debe ser particularmente de esta manera cuando se encuentran en un espacio cerrado.<\/li>\n\n\n\n<li>Si no est\u00e1 vacunado, su familiar debe permanecer al menos a 6&nbsp;pies de distancia de otras personas, de ser posible.<\/li>\n<\/ul>\n<\/li>\n<\/ul>\n\n\n\n<div style=\"height:25px\" aria-hidden=\"true\" class=\"wp-block-spacer\"><\/div>\n\n\n\n<h2 class=\"wp-block-heading\">\u00bfQu\u00e9 debo hacer si mi familiar o yo tenemos la COVID-19?<\/h2>\n\n\n\n<p>Si su familiar o usted se enferman, debe hacer lo siguiente:<\/p>\n\n\n\n<ul class=\"wp-block-list\">\n<li>La persona que est\u00e1 enferma debe permanecer en una habitaci\u00f3n, lejos de otras personas, tanto como sea posible; y usar un ba\u00f1o separado, de ser posible.<\/li>\n\n\n\n<li>No comparta vasos, platos, utensilios ni toallas.<\/li>\n\n\n\n<li>Todos en la casa deben usar mascarilla cuando haya otras personas cerca.<\/li>\n\n\n\n<li>Los pa\u00f1uelos son para toser o estornudar y se deben desechar en una bolsa pl\u00e1stica.<\/li>\n\n\n\n<li>Todos en la casa deben lavarse las manos con frecuencia o usar desinfectante de manos si no pueden lavarse.<\/li>\n\n\n\n<li>Todos los d\u00edas, se deben limpiar las mesadas, mesas y perillas con un limpiador dom\u00e9stico.<\/li>\n\n\n\n<li>Si se necesita lavar la ropa que us\u00f3 la persona enferma, la persona a cargo debe usar guantes desechables y lavarse las manos de inmediato despu\u00e9s de sac\u00e1rselos.<\/li>\n\n\n\n<li>No debe haber visitantes a menos que sean profesionales que llegan a controlar o ayudar.<\/li>\n\n\n\n<li>La persona que est\u00e1 enferma debe beber muchos l\u00edquidos y tomar medicamentos de venta libre, como el acetaminofeno (Tylenol\u00ae), para la fiebre y el dolor.<\/li>\n\n\n\n<li>Se debe tomar la temperatura de la persona enferma dos veces al d\u00eda, antes de administrarle el medicamento para la fiebre.<\/li>\n\n\n\n<li>Comun\u00edquese con su m\u00e9dico y obtenga ayuda si su familiar o usted desarrollan s\u00edntomas graves, como fiebre alta o falta de aire; acuda a la sala de emergencias del hospital s\u00f3lo si un m\u00e9dico lo recomienda o si se agrava el cuadro de la persona enferma.<\/li>\n\n\n\n<li>Para la mayor\u00eda de las personas, la COVID-19 dura una semana o dos. Puede dejar de tomar estas precauciones cuando la persona enferma no haya tenido fiebre durante 3&nbsp;d\u00edas sin tomar medicamentos para la fiebre; cuando los dem\u00e1s s\u00edntomas, como la tos, mejoren; y haya transcurrido al menos 1&nbsp;semana desde que los s\u00edntomas comenzaron.<\/li>\n<\/ul>\n<\/div>\n<\/div>\n","protected":false},"excerpt":{"rendered":"<p>\u00bfQu\u00e9 es la COVID-19? El virus que causa la COVID-19 apareci\u00f3 por primera vez a fines de 2019 y ahora se ha propagado en todo el mundo.&nbsp;Recientemente, apareci\u00f3 una nueva [&hellip;]<\/p>\n","protected":false},"author":1,"featured_media":0,"parent":10052,"menu_order":1,"comment_status":"closed","ping_status":"closed","template":"","meta":{"_acf_changed":false,"footnotes":""},"categories":[],"class_list":["post-10175","page","type-page","status-publish","hentry"],"translation":{"provider":"WPGlobus","version":"3.0.2","language":"es","enabled_languages":["en","es","zh"],"languages":{"en":{"title":true,"content":true,"excerpt":false},"es":{"title":true,"content":true,"excerpt":false},"zh":{"title":false,"content":false,"excerpt":false}}},"acf":[],"jetpack_sharing_enabled":true,"publishpress_future_action":{"enabled":false,"date":"2026-05-06 21:58:17","action":"change-status","newStatus":"draft","terms":[],"taxonomy":"category","extraData":[]},"publishpress_future_workflow_manual_trigger":{"enabledWorkflows":[]},"_links":{"self":[{"href":"https:\/\/www.elderplan.org\/es\/wp-json\/wp\/v2\/pages\/10175","targetHints":{"allow":["GET"]}}],"collection":[{"href":"https:\/\/www.elderplan.org\/es\/wp-json\/wp\/v2\/pages"}],"about":[{"href":"https:\/\/www.elderplan.org\/es\/wp-json\/wp\/v2\/types\/page"}],"author":[{"embeddable":true,"href":"https:\/\/www.elderplan.org\/es\/wp-json\/wp\/v2\/users\/1"}],"replies":[{"embeddable":true,"href":"https:\/\/www.elderplan.org\/es\/wp-json\/wp\/v2\/comments?post=10175"}],"version-history":[{"count":0,"href":"https:\/\/www.elderplan.org\/es\/wp-json\/wp\/v2\/pages\/10175\/revisions"}],"up":[{"embeddable":true,"href":"https:\/\/www.elderplan.org\/es\/wp-json\/wp\/v2\/pages\/10052"}],"wp:attachment":[{"href":"https:\/\/www.elderplan.org\/es\/wp-json\/wp\/v2\/media?parent=10175"}],"wp:term":[{"taxonomy":"category","embeddable":true,"href":"https:\/\/www.elderplan.org\/es\/wp-json\/wp\/v2\/categories?post=10175"}],"curies":[{"name":"wp","href":"https:\/\/api.w.org\/{rel}","templated":true}]}}